{"id":12227,"date":"2021-05-01T13:04:28","date_gmt":"2021-05-01T13:04:28","guid":{"rendered":"https:\/\/klinika-neurorehabilitacji.pl\/de\/?page_id=12227"},"modified":"2023-10-29T09:51:25","modified_gmt":"2023-10-29T09:51:25","slug":"nasz-zespol","status":"publish","type":"page","link":"https:\/\/klinika-neurorehabilitacji.pl\/de\/nasz-zespol\/","title":{"rendered":"UNSER TEAM"},"content":{"rendered":"\t\t<div data-elementor-type=\"wp-page\" data-elementor-id=\"12227\" class=\"elementor elementor-12227\">\n\t\t\t\t\t\t<section class=\"elementor-section elementor-top-section elementor-element elementor-element-77e5bf0 elementor-section-stretched elementor-section-height-min-height elementor-section-content-middle elementor-section-boxed elementor-section-height-default elementor-section-items-middle\" data-id=\"77e5bf0\" data-element_type=\"section\" data-settings=\"{&quot;stretch_section&quot;:&quot;section-stretched&quot;,&quot;background_background&quot;:&quot;classic&quot;}\">\n\t\t\t\t\t\t\t<div class=\"elementor-background-overlay\"><\/div>\n\t\t\t\t\t\t\t<div class=\"elementor-container elementor-column-gap-default\">\n\t\t\t\t\t<div class=\"elementor-column elementor-col-100 elementor-top-column elementor-element elementor-element-cebb1ce animated-slow elementor-invisible\" data-id=\"cebb1ce\" data-element_type=\"column\" data-settings=\"{&quot;animation&quot;:&quot;fadeIn&quot;,&quot;animation_delay&quot;:500}\">\n\t\t\t<div class=\"elementor-widget-wrap elementor-element-populated\">\n\t\t\t\t\t\t<section class=\"elementor-section elementor-inner-section elementor-element elementor-element-bd715a0 elementor-section-boxed elementor-section-height-default elementor-section-height-default\" data-id=\"bd715a0\" data-element_type=\"section\">\n\t\t\t\t\t\t<div class=\"elementor-container elementor-column-gap-default\">\n\t\t\t\t\t<div class=\"elementor-column elementor-col-100 elementor-inner-column elementor-element elementor-element-072588e\" data-id=\"072588e\" data-element_type=\"column\">\n\t\t\t<div class=\"elementor-widget-wrap elementor-element-populated\">\n\t\t\t\t\t\t<div class=\"elementor-element elementor-element-c9455ee elementor-widget elementor-widget-writing-effect-headline\" data-id=\"c9455ee\" data-element_type=\"widget\" data-widget_type=\"writing-effect-headline.default\">\n\t\t\t\t<div class=\"elementor-widget-container\">\n\t\t\t\t\t<h2 class=\"a13ree-written-headline\" data-speed=\"82\" data-loop=\"0\">\r\n\t\t\t\t\t\t\t<span class=\"before-written\">UNSER TEAM<\/span>\r\n\t\t\t\r\n\t\t\t\r\n\t\t\t\t\t<\/h2>\r\n\t\t\t\t<\/div>\n\t\t\t\t<\/div>\n\t\t\t\t<div class=\"elementor-element elementor-element-e6aa701 elementor-widget elementor-widget-heading\" data-id=\"e6aa701\" data-element_type=\"widget\" data-widget_type=\"heading.default\">\n\t\t\t\t<div class=\"elementor-widget-container\">\n\t\t\t<div class=\"elementor-heading-title elementor-size-default\">Unsere Klinik besch\u00e4ftigt mehr als ein Dutzend erfahrener und gepr\u00fcfter Therapeuten mit unterschiedlichen erfolgreich abgeschlossenen Fachkursen. Den neuesten Entwicklungen, deren Anwendung auf solide klinische Erkenntnisse basiert, stehen wir offen gegen\u00fcber. Dar\u00fcber hinaus forschen wir an der Entwicklung einzelner Methoden, um den Erfolg zu steigern und die Arbeit mit unseren Patienten noch angenehmer zu gestalten. Au\u00dferdem arbeiten wir mit einer Reihe von \u00c4rzten, Neurologop\u00e4den und Osteopathen zusammen.<\/div>\t\t<\/div>\n\t\t\t\t<\/div>\n\t\t\t\t\t<\/div>\n\t\t<\/div>\n\t\t\t\t\t<\/div>\n\t\t<\/section>\n\t\t\t\t<section class=\"elementor-section elementor-inner-section elementor-element elementor-element-690abf4 elementor-section-boxed elementor-section-height-default elementor-section-height-default\" data-id=\"690abf4\" data-element_type=\"section\">\n\t\t\t\t\t\t<div class=\"elementor-container elementor-column-gap-default\">\n\t\t\t\t\t<div class=\"elementor-column elementor-col-100 elementor-inner-column elementor-element elementor-element-84295c4\" data-id=\"84295c4\" data-element_type=\"column\">\n\t\t\t<div class=\"elementor-widget-wrap\">\n\t\t\t\t\t\t\t<\/div>\n\t\t<\/div>\n\t\t\t\t\t<\/div>\n\t\t<\/section>\n\t\t\t\t<div class=\"elementor-element elementor-element-317992a elementor-widget elementor-widget-spacer\" data-id=\"317992a\" data-element_type=\"widget\" data-widget_type=\"spacer.default\">\n\t\t\t\t<div class=\"elementor-widget-container\">\n\t\t\t\t\t<div class=\"elementor-spacer\">\n\t\t\t<div class=\"elementor-spacer-inner\"><\/div>\n\t\t<\/div>\n\t\t\t\t<\/div>\n\t\t\t\t<\/div>\n\t\t\t\t\t<\/div>\n\t\t<\/div>\n\t\t\t\t\t<\/div>\n\t\t<\/section>\n\t\t\t\t<section class=\"elementor-section elementor-top-section elementor-element elementor-element-9cc0160 elementor-section-boxed elementor-section-height-default elementor-section-height-default\" data-id=\"9cc0160\" data-element_type=\"section\">\n\t\t\t\t\t\t<div class=\"elementor-container elementor-column-gap-default\">\n\t\t\t\t\t<div class=\"elementor-column elementor-col-100 elementor-top-column elementor-element elementor-element-3c9a7ec\" data-id=\"3c9a7ec\" data-element_type=\"column\">\n\t\t\t<div class=\"elementor-widget-wrap elementor-element-populated\">\n\t\t\t\t\t\t<div class=\"elementor-element elementor-element-e27e97e elementor-widget elementor-widget-spacer\" data-id=\"e27e97e\" data-element_type=\"widget\" data-widget_type=\"spacer.default\">\n\t\t\t\t<div class=\"elementor-widget-container\">\n\t\t\t\t\t<div class=\"elementor-spacer\">\n\t\t\t<div class=\"elementor-spacer-inner\"><\/div>\n\t\t<\/div>\n\t\t\t\t<\/div>\n\t\t\t\t<\/div>\n\t\t\t\t<div class=\"elementor-element elementor-element-9b260c7 elementor-widget elementor-widget-image-gallery\" data-id=\"9b260c7\" data-element_type=\"widget\" data-widget_type=\"image-gallery.default\">\n\t\t\t\t<div class=\"elementor-widget-container\">\n\t\t\t\t\t<div class=\"elementor-image-gallery\">\n\t\t\t<div id='gallery-1' class='gallery galleryid-12227 gallery-columns-3 gallery-size-medium_large'><figure class='gallery-item'>\n\t\t\t<div class='gallery-icon portrait'>\n\t\t\t\t<a data-elementor-open-lightbox=\"yes\" data-elementor-lightbox-slideshow=\"9b260c7\" data-elementor-lightbox-title=\"roman-terapeuta\" data-e-action-hash=\"#elementor-action%3Aaction%3Dlightbox%26settings%3DeyJpZCI6MTIyNTUsInVybCI6Imh0dHBzOlwvXC9rbGluaWthLW5ldXJvcmVoYWJpbGl0YWNqaS5wbFwvZGVcL3dwLWNvbnRlbnRcL3VwbG9hZHNcLzIwMjFcLzA1XC9yb21hbi10ZXJhcGV1dGEuanBnIiwic2xpZGVzaG93IjoiOWIyNjBjNyJ9\" href='https:\/\/klinika-neurorehabilitacji.pl\/de\/wp-content\/uploads\/2021\/05\/roman-terapeuta.jpg'><img fetchpriority=\"high\" decoding=\"async\" width=\"634\" height=\"951\" src=\"https:\/\/klinika-neurorehabilitacji.pl\/de\/wp-content\/uploads\/2021\/05\/roman-terapeuta.jpg\" class=\"attachment-medium_large size-medium_large\" alt=\"\" aria-describedby=\"gallery-1-12255\" srcset=\"https:\/\/klinika-neurorehabilitacji.pl\/de\/wp-content\/uploads\/2021\/05\/roman-terapeuta.jpg 634w, https:\/\/klinika-neurorehabilitacji.pl\/de\/wp-content\/uploads\/2021\/05\/roman-terapeuta-200x300.jpg 200w\" sizes=\"(max-width: 634px) 100vw, 634px\" \/><\/a>\n\t\t\t<\/div>\n\t\t\t\t<figcaption class='wp-caption-text gallery-caption' id='gallery-1-12255'>\n\t\t\t\tRoman Terapeuta\n\t\t\t\t<\/figcaption><\/figure><figure class='gallery-item'>\n\t\t\t<div class='gallery-icon portrait'>\n\t\t\t\t<a data-elementor-open-lightbox=\"yes\" data-elementor-lightbox-slideshow=\"9b260c7\" data-elementor-lightbox-title=\"radek-terapeuta\" data-e-action-hash=\"#elementor-action%3Aaction%3Dlightbox%26settings%3DeyJpZCI6MTIyNTcsInVybCI6Imh0dHBzOlwvXC9rbGluaWthLW5ldXJvcmVoYWJpbGl0YWNqaS5wbFwvZGVcL3dwLWNvbnRlbnRcL3VwbG9hZHNcLzIwMjFcLzA1XC9yYWRlay10ZXJhcGV1dGEuanBnIiwic2xpZGVzaG93IjoiOWIyNjBjNyJ9\" href='https:\/\/klinika-neurorehabilitacji.pl\/de\/wp-content\/uploads\/2021\/05\/radek-terapeuta.jpg'><img decoding=\"async\" width=\"595\" height=\"892\" src=\"https:\/\/klinika-neurorehabilitacji.pl\/de\/wp-content\/uploads\/2021\/05\/radek-terapeuta.jpg\" class=\"attachment-medium_large size-medium_large\" alt=\"\" aria-describedby=\"gallery-1-12257\" srcset=\"https:\/\/klinika-neurorehabilitacji.pl\/de\/wp-content\/uploads\/2021\/05\/radek-terapeuta.jpg 595w, https:\/\/klinika-neurorehabilitacji.pl\/de\/wp-content\/uploads\/2021\/05\/radek-terapeuta-200x300.jpg 200w\" sizes=\"(max-width: 595px) 100vw, 595px\" \/><\/a>\n\t\t\t<\/div>\n\t\t\t\t<figcaption class='wp-caption-text gallery-caption' id='gallery-1-12257'>\n\t\t\t\tRadek Terapeuta\n\t\t\t\t<\/figcaption><\/figure><figure class='gallery-item'>\n\t\t\t<div class='gallery-icon portrait'>\n\t\t\t\t<a data-elementor-open-lightbox=\"yes\" data-elementor-lightbox-slideshow=\"9b260c7\" data-elementor-lightbox-title=\"grzegorz-terapeuta\" data-e-action-hash=\"#elementor-action%3Aaction%3Dlightbox%26settings%3DeyJpZCI6MTIyNTgsInVybCI6Imh0dHBzOlwvXC9rbGluaWthLW5ldXJvcmVoYWJpbGl0YWNqaS5wbFwvZGVcL3dwLWNvbnRlbnRcL3VwbG9hZHNcLzIwMjFcLzA1XC9ncnplZ29yei10ZXJhcGV1dGEuanBnIiwic2xpZGVzaG93IjoiOWIyNjBjNyJ9\" href='https:\/\/klinika-neurorehabilitacji.pl\/de\/wp-content\/uploads\/2021\/05\/grzegorz-terapeuta.jpg'><img decoding=\"async\" width=\"607\" height=\"911\" src=\"https:\/\/klinika-neurorehabilitacji.pl\/de\/wp-content\/uploads\/2021\/05\/grzegorz-terapeuta.jpg\" class=\"attachment-medium_large size-medium_large\" alt=\"\" aria-describedby=\"gallery-1-12258\" srcset=\"https:\/\/klinika-neurorehabilitacji.pl\/de\/wp-content\/uploads\/2021\/05\/grzegorz-terapeuta.jpg 607w, https:\/\/klinika-neurorehabilitacji.pl\/de\/wp-content\/uploads\/2021\/05\/grzegorz-terapeuta-200x300.jpg 200w\" sizes=\"(max-width: 607px) 100vw, 607px\" \/><\/a>\n\t\t\t<\/div>\n\t\t\t\t<figcaption class='wp-caption-text gallery-caption' id='gallery-1-12258'>\n\t\t\t\tGrzegorz Terapeuta\n\t\t\t\t<\/figcaption><\/figure><figure class='gallery-item'>\n\t\t\t<div class='gallery-icon portrait'>\n\t\t\t\t<a data-elementor-open-lightbox=\"yes\" data-elementor-lightbox-slideshow=\"9b260c7\" data-elementor-lightbox-title=\"ula-terapeuta\" data-e-action-hash=\"#elementor-action%3Aaction%3Dlightbox%26settings%3DeyJpZCI6MTIyNjAsInVybCI6Imh0dHBzOlwvXC9rbGluaWthLW5ldXJvcmVoYWJpbGl0YWNqaS5wbFwvZGVcL3dwLWNvbnRlbnRcL3VwbG9hZHNcLzIwMjFcLzA1XC91bGEtdGVyYXBldXRhLmpwZyIsInNsaWRlc2hvdyI6IjliMjYwYzcifQ%3D%3D\" href='https:\/\/klinika-neurorehabilitacji.pl\/de\/wp-content\/uploads\/2021\/05\/ula-terapeuta.jpg'><img loading=\"lazy\" decoding=\"async\" width=\"626\" height=\"939\" src=\"https:\/\/klinika-neurorehabilitacji.pl\/de\/wp-content\/uploads\/2021\/05\/ula-terapeuta.jpg\" class=\"attachment-medium_large size-medium_large\" alt=\"\" aria-describedby=\"gallery-1-12260\" srcset=\"https:\/\/klinika-neurorehabilitacji.pl\/de\/wp-content\/uploads\/2021\/05\/ula-terapeuta.jpg 626w, https:\/\/klinika-neurorehabilitacji.pl\/de\/wp-content\/uploads\/2021\/05\/ula-terapeuta-200x300.jpg 200w\" sizes=\"(max-width: 626px) 100vw, 626px\" \/><\/a>\n\t\t\t<\/div>\n\t\t\t\t<figcaption class='wp-caption-text gallery-caption' id='gallery-1-12260'>\n\t\t\t\tUla Terapeutka\n\t\t\t\t<\/figcaption><\/figure><figure class='gallery-item'>\n\t\t\t<div class='gallery-icon portrait'>\n\t\t\t\t<a data-elementor-open-lightbox=\"yes\" data-elementor-lightbox-slideshow=\"9b260c7\" data-elementor-lightbox-title=\"adrian-terapeuta\" data-e-action-hash=\"#elementor-action%3Aaction%3Dlightbox%26settings%3DeyJpZCI6MTIyNTksInVybCI6Imh0dHBzOlwvXC9rbGluaWthLW5ldXJvcmVoYWJpbGl0YWNqaS5wbFwvZGVcL3dwLWNvbnRlbnRcL3VwbG9hZHNcLzIwMjFcLzA1XC9hZHJpYW4tdGVyYXBldXRhLmpwZyIsInNsaWRlc2hvdyI6IjliMjYwYzcifQ%3D%3D\" href='https:\/\/klinika-neurorehabilitacji.pl\/de\/wp-content\/uploads\/2021\/05\/adrian-terapeuta.jpg'><img loading=\"lazy\" decoding=\"async\" width=\"550\" height=\"825\" src=\"https:\/\/klinika-neurorehabilitacji.pl\/de\/wp-content\/uploads\/2021\/05\/adrian-terapeuta.jpg\" class=\"attachment-medium_large size-medium_large\" alt=\"\" aria-describedby=\"gallery-1-12259\" srcset=\"https:\/\/klinika-neurorehabilitacji.pl\/de\/wp-content\/uploads\/2021\/05\/adrian-terapeuta.jpg 550w, https:\/\/klinika-neurorehabilitacji.pl\/de\/wp-content\/uploads\/2021\/05\/adrian-terapeuta-200x300.jpg 200w\" sizes=\"(max-width: 550px) 100vw, 550px\" \/><\/a>\n\t\t\t<\/div>\n\t\t\t\t<figcaption class='wp-caption-text gallery-caption' id='gallery-1-12259'>\n\t\t\t\tAdrian Terapeuta\n\t\t\t\t<\/figcaption><\/figure><figure class='gallery-item'>\n\t\t\t<div class='gallery-icon portrait'>\n\t\t\t\t<a data-elementor-open-lightbox=\"yes\" data-elementor-lightbox-slideshow=\"9b260c7\" data-elementor-lightbox-title=\"jakub-terapeuta\" data-e-action-hash=\"#elementor-action%3Aaction%3Dlightbox%26settings%3DeyJpZCI6MTIyNTYsInVybCI6Imh0dHBzOlwvXC9rbGluaWthLW5ldXJvcmVoYWJpbGl0YWNqaS5wbFwvZGVcL3dwLWNvbnRlbnRcL3VwbG9hZHNcLzIwMjFcLzA1XC9qYWt1Yi10ZXJhcGV1dGEuanBnIiwic2xpZGVzaG93IjoiOWIyNjBjNyJ9\" href='https:\/\/klinika-neurorehabilitacji.pl\/de\/wp-content\/uploads\/2021\/05\/jakub-terapeuta.jpg'><img loading=\"lazy\" decoding=\"async\" width=\"590\" height=\"885\" src=\"https:\/\/klinika-neurorehabilitacji.pl\/de\/wp-content\/uploads\/2021\/05\/jakub-terapeuta.jpg\" class=\"attachment-medium_large size-medium_large\" alt=\"\" aria-describedby=\"gallery-1-12256\" srcset=\"https:\/\/klinika-neurorehabilitacji.pl\/de\/wp-content\/uploads\/2021\/05\/jakub-terapeuta.jpg 590w, https:\/\/klinika-neurorehabilitacji.pl\/de\/wp-content\/uploads\/2021\/05\/jakub-terapeuta-200x300.jpg 200w\" sizes=\"(max-width: 590px) 100vw, 590px\" \/><\/a>\n\t\t\t<\/div>\n\t\t\t\t<figcaption class='wp-caption-text gallery-caption' id='gallery-1-12256'>\n\t\t\t\tJakub Terapeuta\n\t\t\t\t<\/figcaption><\/figure><figure class='gallery-item'>\n\t\t\t<div class='gallery-icon portrait'>\n\t\t\t\t<a data-elementor-open-lightbox=\"yes\" data-elementor-lightbox-slideshow=\"9b260c7\" data-elementor-lightbox-title=\"katarzyna-terapeuta\" data-e-action-hash=\"#elementor-action%3Aaction%3Dlightbox%26settings%3DeyJpZCI6MTIyNTQsInVybCI6Imh0dHBzOlwvXC9rbGluaWthLW5ldXJvcmVoYWJpbGl0YWNqaS5wbFwvZGVcL3dwLWNvbnRlbnRcL3VwbG9hZHNcLzIwMjFcLzA1XC9rYXRhcnp5bmEtdGVyYXBldXRhLmpwZyIsInNsaWRlc2hvdyI6IjliMjYwYzcifQ%3D%3D\" data-elementor-lightbox-description=\"Katarzyna Terapeutka opis\" href='https:\/\/klinika-neurorehabilitacji.pl\/de\/wp-content\/uploads\/2021\/05\/katarzyna-terapeuta.jpg'><img loading=\"lazy\" decoding=\"async\" width=\"588\" height=\"882\" src=\"https:\/\/klinika-neurorehabilitacji.pl\/de\/wp-content\/uploads\/2021\/05\/katarzyna-terapeuta.jpg\" class=\"attachment-medium_large size-medium_large\" alt=\"Katarzyna Terapeutka\" aria-describedby=\"gallery-1-12254\" srcset=\"https:\/\/klinika-neurorehabilitacji.pl\/de\/wp-content\/uploads\/2021\/05\/katarzyna-terapeuta.jpg 588w, https:\/\/klinika-neurorehabilitacji.pl\/de\/wp-content\/uploads\/2021\/05\/katarzyna-terapeuta-200x300.jpg 200w\" sizes=\"(max-width: 588px) 100vw, 588px\" \/><\/a>\n\t\t\t<\/div>\n\t\t\t\t<figcaption class='wp-caption-text gallery-caption' id='gallery-1-12254'>\n\t\t\t\tKatarzyna Terapeutka\n\t\t\t\t<\/figcaption><\/figure><figure class='gallery-item'>\n\t\t\t<div class='gallery-icon portrait'>\n\t\t\t\t<a data-elementor-open-lightbox=\"yes\" data-elementor-lightbox-slideshow=\"9b260c7\" data-elementor-lightbox-title=\"agata-terpeutka\" data-e-action-hash=\"#elementor-action%3Aaction%3Dlightbox%26settings%3DeyJpZCI6MTIyNjEsInVybCI6Imh0dHBzOlwvXC9rbGluaWthLW5ldXJvcmVoYWJpbGl0YWNqaS5wbFwvZGVcL3dwLWNvbnRlbnRcL3VwbG9hZHNcLzIwMjFcLzA1XC9hZ2F0YS10ZXJwZXV0a2EuanBnIiwic2xpZGVzaG93IjoiOWIyNjBjNyJ9\" data-elementor-lightbox-description=\"Katarzyna Terapeutka opis\" href='https:\/\/klinika-neurorehabilitacji.pl\/de\/wp-content\/uploads\/2021\/05\/agata-terpeutka.jpg'><img loading=\"lazy\" decoding=\"async\" width=\"565\" height=\"848\" src=\"https:\/\/klinika-neurorehabilitacji.pl\/de\/wp-content\/uploads\/2021\/05\/agata-terpeutka.jpg\" class=\"attachment-medium_large size-medium_large\" alt=\"\" aria-describedby=\"gallery-1-12261\" srcset=\"https:\/\/klinika-neurorehabilitacji.pl\/de\/wp-content\/uploads\/2021\/05\/agata-terpeutka.jpg 565w, https:\/\/klinika-neurorehabilitacji.pl\/de\/wp-content\/uploads\/2021\/05\/agata-terpeutka-200x300.jpg 200w\" sizes=\"(max-width: 565px) 100vw, 565px\" \/><\/a>\n\t\t\t<\/div>\n\t\t\t\t<figcaption class='wp-caption-text gallery-caption' id='gallery-1-12261'>\n\t\t\t\tAgata Terapeutka\n\t\t\t\t<\/figcaption><\/figure><figure class='gallery-item'>\n\t\t\t<div class='gallery-icon portrait'>\n\t\t\t\t<a data-elementor-open-lightbox=\"yes\" data-elementor-lightbox-slideshow=\"9b260c7\" data-elementor-lightbox-title=\"aleksandra-terapeutka\" data-e-action-hash=\"#elementor-action%3Aaction%3Dlightbox%26settings%3DeyJpZCI6MTIyNjIsInVybCI6Imh0dHBzOlwvXC9rbGluaWthLW5ldXJvcmVoYWJpbGl0YWNqaS5wbFwvZGVcL3dwLWNvbnRlbnRcL3VwbG9hZHNcLzIwMjFcLzA1XC9hbGVrc2FuZHJhLXRlcmFwZXV0a2EuanBnIiwic2xpZGVzaG93IjoiOWIyNjBjNyJ9\" data-elementor-lightbox-description=\"Katarzyna Terapeutka opis\" href='https:\/\/klinika-neurorehabilitacji.pl\/de\/wp-content\/uploads\/2021\/05\/aleksandra-terapeutka.jpg'><img loading=\"lazy\" decoding=\"async\" width=\"575\" height=\"862\" src=\"https:\/\/klinika-neurorehabilitacji.pl\/de\/wp-content\/uploads\/2021\/05\/aleksandra-terapeutka.jpg\" class=\"attachment-medium_large size-medium_large\" alt=\"\" aria-describedby=\"gallery-1-12262\" srcset=\"https:\/\/klinika-neurorehabilitacji.pl\/de\/wp-content\/uploads\/2021\/05\/aleksandra-terapeutka.jpg 575w, https:\/\/klinika-neurorehabilitacji.pl\/de\/wp-content\/uploads\/2021\/05\/aleksandra-terapeutka-200x300.jpg 200w\" sizes=\"(max-width: 575px) 100vw, 575px\" \/><\/a>\n\t\t\t<\/div>\n\t\t\t\t<figcaption class='wp-caption-text gallery-caption' id='gallery-1-12262'>\n\t\t\t\tAleksandra Terapeutka\n\t\t\t\t<\/figcaption><\/figure><figure class='gallery-item'>\n\t\t\t<div class='gallery-icon portrait'>\n\t\t\t\t<a data-elementor-open-lightbox=\"yes\" data-elementor-lightbox-slideshow=\"9b260c7\" data-elementor-lightbox-title=\"joanna-neurologopeda\" data-e-action-hash=\"#elementor-action%3Aaction%3Dlightbox%26settings%3DeyJpZCI6MTIyNjQsInVybCI6Imh0dHBzOlwvXC9rbGluaWthLW5ldXJvcmVoYWJpbGl0YWNqaS5wbFwvZGVcL3dwLWNvbnRlbnRcL3VwbG9hZHNcLzIwMjFcLzA1XC9qb2FubmEtbmV1cm9sb2dvcGVkYS5qcGciLCJzbGlkZXNob3ciOiI5YjI2MGM3In0%3D\" data-elementor-lightbox-description=\"Katarzyna Terapeutka opis\" href='https:\/\/klinika-neurorehabilitacji.pl\/de\/wp-content\/uploads\/2021\/05\/joanna-neurologopeda.jpg'><img loading=\"lazy\" decoding=\"async\" width=\"543\" height=\"815\" src=\"https:\/\/klinika-neurorehabilitacji.pl\/de\/wp-content\/uploads\/2021\/05\/joanna-neurologopeda.jpg\" class=\"attachment-medium_large size-medium_large\" alt=\"\" aria-describedby=\"gallery-1-12264\" srcset=\"https:\/\/klinika-neurorehabilitacji.pl\/de\/wp-content\/uploads\/2021\/05\/joanna-neurologopeda.jpg 543w, https:\/\/klinika-neurorehabilitacji.pl\/de\/wp-content\/uploads\/2021\/05\/joanna-neurologopeda-200x300.jpg 200w\" sizes=\"(max-width: 543px) 100vw, 543px\" \/><\/a>\n\t\t\t<\/div>\n\t\t\t\t<figcaption class='wp-caption-text gallery-caption' id='gallery-1-12264'>\n\t\t\t\tJoanna Neurologopeda\n\t\t\t\t<\/figcaption><\/figure><figure class='gallery-item'>\n\t\t\t<div class='gallery-icon portrait'>\n\t\t\t\t<a data-elementor-open-lightbox=\"yes\" data-elementor-lightbox-slideshow=\"9b260c7\" data-elementor-lightbox-title=\"dorota-psycholog\" data-e-action-hash=\"#elementor-action%3Aaction%3Dlightbox%26settings%3DeyJpZCI6MTIyNjUsInVybCI6Imh0dHBzOlwvXC9rbGluaWthLW5ldXJvcmVoYWJpbGl0YWNqaS5wbFwvZGVcL3dwLWNvbnRlbnRcL3VwbG9hZHNcLzIwMjFcLzA1XC9kb3JvdGEtcHN5Y2hvbG9nLmpwZyIsInNsaWRlc2hvdyI6IjliMjYwYzcifQ%3D%3D\" data-elementor-lightbox-description=\"Katarzyna Terapeutka opis\" href='https:\/\/klinika-neurorehabilitacji.pl\/de\/wp-content\/uploads\/2021\/05\/dorota-psycholog.jpg'><img loading=\"lazy\" decoding=\"async\" width=\"647\" height=\"970\" src=\"https:\/\/klinika-neurorehabilitacji.pl\/de\/wp-content\/uploads\/2021\/05\/dorota-psycholog.jpg\" class=\"attachment-medium_large size-medium_large\" alt=\"\" aria-describedby=\"gallery-1-12265\" srcset=\"https:\/\/klinika-neurorehabilitacji.pl\/de\/wp-content\/uploads\/2021\/05\/dorota-psycholog.jpg 647w, https:\/\/klinika-neurorehabilitacji.pl\/de\/wp-content\/uploads\/2021\/05\/dorota-psycholog-200x300.jpg 200w\" sizes=\"(max-width: 647px) 100vw, 647px\" \/><\/a>\n\t\t\t<\/div>\n\t\t\t\t<figcaption class='wp-caption-text gallery-caption' id='gallery-1-12265'>\n\t\t\t\tDorota Psycholog\n\t\t\t\t<\/figcaption><\/figure><figure class='gallery-item'>\n\t\t\t<div class='gallery-icon portrait'>\n\t\t\t\t<a data-elementor-open-lightbox=\"yes\" data-elementor-lightbox-slideshow=\"9b260c7\" data-elementor-lightbox-title=\"anastazja-neurologopeda\" data-e-action-hash=\"#elementor-action%3Aaction%3Dlightbox%26settings%3DeyJpZCI6MTIyNjYsInVybCI6Imh0dHBzOlwvXC9rbGluaWthLW5ldXJvcmVoYWJpbGl0YWNqaS5wbFwvZGVcL3dwLWNvbnRlbnRcL3VwbG9hZHNcLzIwMjFcLzA1XC9hbmFzdGF6amEtbmV1cm9sb2dvcGVkYS5qcGciLCJzbGlkZXNob3ciOiI5YjI2MGM3In0%3D\" data-elementor-lightbox-description=\"Katarzyna Terapeutka opis\" href='https:\/\/klinika-neurorehabilitacji.pl\/de\/wp-content\/uploads\/2021\/05\/anastazja-neurologopeda.jpg'><img loading=\"lazy\" decoding=\"async\" width=\"521\" height=\"782\" src=\"https:\/\/klinika-neurorehabilitacji.pl\/de\/wp-content\/uploads\/2021\/05\/anastazja-neurologopeda.jpg\" class=\"attachment-medium_large size-medium_large\" alt=\"\" aria-describedby=\"gallery-1-12266\" srcset=\"https:\/\/klinika-neurorehabilitacji.pl\/de\/wp-content\/uploads\/2021\/05\/anastazja-neurologopeda.jpg 521w, https:\/\/klinika-neurorehabilitacji.pl\/de\/wp-content\/uploads\/2021\/05\/anastazja-neurologopeda-200x300.jpg 200w\" sizes=\"(max-width: 521px) 100vw, 521px\" \/><\/a>\n\t\t\t<\/div>\n\t\t\t\t<figcaption class='wp-caption-text gallery-caption' id='gallery-1-12266'>\n\t\t\t\tAnastazja Neurologopeda\n\t\t\t\t<\/figcaption><\/figure><figure class='gallery-item'>\n\t\t\t<div class='gallery-icon portrait'>\n\t\t\t\t<a data-elementor-open-lightbox=\"yes\" data-elementor-lightbox-slideshow=\"9b260c7\" data-elementor-lightbox-title=\"elwira-rejestracja\" data-e-action-hash=\"#elementor-action%3Aaction%3Dlightbox%26settings%3DeyJpZCI6MTIyNjgsInVybCI6Imh0dHBzOlwvXC9rbGluaWthLW5ldXJvcmVoYWJpbGl0YWNqaS5wbFwvZGVcL3dwLWNvbnRlbnRcL3VwbG9hZHNcLzIwMjFcLzA1XC9lbHdpcmEtcmVqZXN0cmFjamEuanBnIiwic2xpZGVzaG93IjoiOWIyNjBjNyJ9\" data-elementor-lightbox-description=\"Katarzyna Terapeutka opis\" href='https:\/\/klinika-neurorehabilitacji.pl\/de\/wp-content\/uploads\/2021\/05\/elwira-rejestracja.jpg'><img loading=\"lazy\" decoding=\"async\" width=\"488\" height=\"732\" src=\"https:\/\/klinika-neurorehabilitacji.pl\/de\/wp-content\/uploads\/2021\/05\/elwira-rejestracja.jpg\" class=\"attachment-medium_large size-medium_large\" alt=\"\" aria-describedby=\"gallery-1-12268\" srcset=\"https:\/\/klinika-neurorehabilitacji.pl\/de\/wp-content\/uploads\/2021\/05\/elwira-rejestracja.jpg 488w, https:\/\/klinika-neurorehabilitacji.pl\/de\/wp-content\/uploads\/2021\/05\/elwira-rejestracja-200x300.jpg 200w\" sizes=\"(max-width: 488px) 100vw, 488px\" \/><\/a>\n\t\t\t<\/div>\n\t\t\t\t<figcaption class='wp-caption-text gallery-caption' id='gallery-1-12268'>\n\t\t\t\tElwira Rejestracja\n\t\t\t\t<\/figcaption><\/figure>\n\t\t<\/div>\n\t\t<\/div>\n\t\t\t\t<\/div>\n\t\t\t\t<\/div>\n\t\t\t\t\t<\/div>\n\t\t<\/div>\n\t\t\t\t\t<\/div>\n\t\t<\/section>\n\t\t\t\t<section class=\"elementor-section elementor-top-section elementor-element elementor-element-1b23222 elementor-section-boxed elementor-section-height-default elementor-section-height-default\" data-id=\"1b23222\" data-element_type=\"section\">\n\t\t\t\t\t\t<div class=\"elementor-container elementor-column-gap-default\">\n\t\t\t\t\t<div class=\"elementor-column elementor-col-100 elementor-top-column elementor-element elementor-element-3ae4e1b\" data-id=\"3ae4e1b\" data-element_type=\"column\">\n\t\t\t<div class=\"elementor-widget-wrap\">\n\t\t\t\t\t\t\t<\/div>\n\t\t<\/div>\n\t\t\t\t\t<\/div>\n\t\t<\/section>\n\t\t\t\t<\/div>\n\t\t","protected":false},"excerpt":{"rendered":"<p>UNSER TEAM Unsere Klinik besch\u00e4ftigt mehr als ein Dutzend erfahrener&hellip;<\/p>\n<p> <a class=\"more-link\" href=\"https:\/\/klinika-neurorehabilitacji.pl\/de\/nasz-zespol\/\">Dowiedz si\u0119 wi\u0119cej<\/a><\/p>\n","protected":false},"author":1,"featured_media":0,"parent":0,"menu_order":0,"comment_status":"closed","ping_status":"closed","template":"","meta":{"_ti_tpc_template_sync":false,"_ti_tpc_template_id":"","footnotes":""},"_links":{"self":[{"href":"https:\/\/klinika-neurorehabilitacji.pl\/de\/wp-json\/wp\/v2\/pages\/12227"}],"collection":[{"href":"https:\/\/klinika-neurorehabilitacji.pl\/de\/wp-json\/wp\/v2\/pages"}],"about":[{"href":"https:\/\/klinika-neurorehabilitacji.pl\/de\/wp-json\/wp\/v2\/types\/page"}],"author":[{"embeddable":true,"href":"https:\/\/klinika-neurorehabilitacji.pl\/de\/wp-json\/wp\/v2\/users\/1"}],"replies":[{"embeddable":true,"href":"https:\/\/klinika-neurorehabilitacji.pl\/de\/wp-json\/wp\/v2\/comments?post=12227"}],"version-history":[{"count":53,"href":"https:\/\/klinika-neurorehabilitacji.pl\/de\/wp-json\/wp\/v2\/pages\/12227\/revisions"}],"predecessor-version":[{"id":12727,"href":"https:\/\/klinika-neurorehabilitacji.pl\/de\/wp-json\/wp\/v2\/pages\/12227\/revisions\/12727"}],"wp:attachment":[{"href":"https:\/\/klinika-neurorehabilitacji.pl\/de\/wp-json\/wp\/v2\/media?parent=12227"}],"curies":[{"name":"wp","href":"https:\/\/api.w.org\/{rel}","templated":true}]}}